{"id":6546,"date":"2020-06-03T12:57:10","date_gmt":"2020-06-03T12:57:10","guid":{"rendered":"https:\/\/jankratochvil.com\/?post_type=portfolios&#038;p=6546"},"modified":"2022-04-12T09:13:07","modified_gmt":"2022-04-12T09:13:07","slug":"buty","status":"publish","type":"portfolios","link":"https:\/\/jankratochvil.com\/en\/portfolios\/buty\/","title":{"rendered":"Buty"},"content":{"rendered":"<div class=\"one\" style=\"padding: 0px 0 0px 0;\">\n<div class=\"page_content_wrapper withbg\" style=\"background-image: url('https:\/\/jankratochvil.com\/wp-content\/uploads\/2020\/06\/buty-ostrava-jan-kratochvil.jpg'); background-size: cover; background-position: center top; height: 500px; position: relative;\"><\/div>\n<\/div>\n<div class=\"standard_wrapper\">\n<div class=\"one_third withsmallpadding ppb_header\" style=\"padding-bottom: 20px !important; text-align: left; padding: 50px 0 50px 0;\">\n<div class=\"page_content_wrapper\">\n<div class=\"inner\">\n<div style=\"margin: auto; width: 50%;\">\n<div class=\"ppb_subtitle\">\u010cesk\u00e1 popul\u00e1rn\u00ed hudebn\u00ed skupina<\/div>\n<h2 class=\"ppb_title\">Buty<\/h2>\n<hr class=\"title_break left\" \/>\n<div class=\"ppb_header_content\">\n<p>Fotografov\u00e1n\u00ed Buty bylo skv\u011bl\u00fdm z\u00e1\u017eitkem a p\u0159\u00edle\u017eitost\u00ed str\u00e1vit n\u011bjak\u00fd \u010das se \u010dleny kapely.<\/p>\n<\/div>\n<\/div>\n<\/div>\n<\/div>\n<\/div>\n<\/div>\n<div class=\"standard_wrapper\">\n<div class=\"one_third withsmallpadding ppb_text\" style=\"padding: 50px 0 50px 0;\">\n<div class=\"standard_wrapper\">\n<div class=\"page_content_wrapper\">\n<div class=\"inner\">\n<div style=\"margin: auto; width: 100%;\">\n<p><strong>Ostrava, srpen 2019, Buty<\/strong><br \/>\nFotografov\u00e1n\u00ed skupiny <a href=\"http:\/\/www.buty.cz\">Buty<\/a> jsem napl\u00e1novali se zakl\u00e1daj\u00edc\u00edm \u010dlenem a z\u00e1rove\u0148a mana\u017eerem kapely Richardem Kroczkem.<br \/>\nM\u00edstem pro fotografov\u00e1n\u00ed byla ostravsk\u00e1 zku\u0161ebna, kter\u00e9 vzhledem k hork\u00e9mu letn\u00edmu po\u010das\u00ed byla v\u00fdzvou pro v\u0161echny z\u00fa\u010dastn\u011bn\u00e9. Klimatizace nest\u00edhala kvalitn\u011b prost\u0159ed\u00ed vychladit, to ale nic nezm\u011bnilo na faktu, \u017ee se fotografov\u00e1n\u00ed uskute\u010dn\u00ed.<\/p>\n<\/div>\n<\/div>\n<\/div>\n<\/div>\n<\/div>\n<\/div>\n<div class=\"standard_wrapper\">\n<div class=\"one_third last withsmallpadding ppb_text\" style=\"padding: 50px 0 50px 0;\">\n<div class=\"standard_wrapper\">\n<div class=\"page_content_wrapper\">\n<div class=\"inner\">\n<div style=\"margin: auto; width: 100%;\">\n<p>P\u0159\u00edpravy prob\u011bhly ji\u017e p\u0159ede\u0161l\u00fd den a den focen\u00ed respektive podve\u010der se ji\u017e bl\u00ed\u017eil. Vlastn\u00ed fotografov\u00e1n\u00ed nem\u011blo m\u00edt \u017e\u00e1dn\u00e9 vyhran\u011bn\u00e9 t\u00e9ma: \u201cprost\u011b to nebudeme \u0159e\u0161it\u201d. C\u00edlem tedy bylo vytvo\u0159it kolekci sn\u00edmk\u016f v uvoln\u011bn\u00e9 atmosf\u00e9\u0159e hork\u00e9ho letn\u00edho podve\u010dera. Uvoln\u011bn\u00e1 atmosf\u00e9ra a hork\u00fd letn\u00ed podve\u010der se pro n\u011bkoho mohou navz\u00e1jem vylu\u010dovat. N\u011bkdo jin\u00fd by mohl nam\u00edtnout, \u017ee je p\u0159eci kr\u00e1sn\u00e9, kdy\u017e je v l\u00e9t\u011b horko a podve\u010der ve zku\u0161ebn\u011b zchlazen\u00fd klimatizovan\u00fdm vzduchem byl v celku p\u0159\u00edjemn\u00fd.<\/p>\n<\/div>\n<\/div>\n<\/div>\n<\/div>\n<\/div>\n<\/div>\n<div class=\"standard_wrapper\">\n<div class=\"one\" style=\"padding: 0px 0 0px 0;\">\n<div class=\"page_content_wrapper\">\n<div class=\"inner\">\n<div class=\"image_classic_frame expand\">\n<div class=\"image_wrapper\"><img decoding=\"async\" class=\"preview\" src=\"https:\/\/jankratochvil.com\/wp-content\/uploads\/2020\/06\/buty-ostrava-jan-kratochvil.jpg\" alt=\"Buty\" \/><\/div>\n<\/div>\n<\/div>\n<\/div>\n<\/div>\n<\/div>\n<div class=\"standard_wrapper\">\n<div class=\"one\" style=\"padding: 0px 0 0px 0;\">\n<div class=\"page_content_wrapper\">\n<div class=\"inner\">\n<div class=\"image_classic_frame expand\">\n<div class=\"image_wrapper\"><img decoding=\"async\" class=\"preview\" src=\"https:\/\/jankratochvil.com\/wp-content\/uploads\/2020\/06\/buty-487-jan-kratochvil-fotograf-trebic.jpg\" alt=\"Buty\" \/><\/div>\n<div class=\"image_caption\">Radek Pastr\u0148\u00e1k, frontman a jeden ze spoluzakladatel\u016f skupiny Buty<\/div>\n<\/div>\n<\/div>\n<\/div>\n<\/div>\n<\/div>\n<div class=\"standard_wrapper\">\n<div class=\"one\" style=\"padding: 0px 0 0px 0;\">\n<div class=\"page_content_wrapper\">\n<div class=\"inner\">\n<div class=\"one_half\">\n<div class=\"image_classic_frame expand\">\n<div class=\"image_wrapper\"><img decoding=\"async\" class=\"preview\" src=\"https:\/\/jankratochvil.com\/wp-content\/uploads\/2020\/06\/buty-484-jan-kratochvil-fotograf-trebic.jpg\" alt=\"Buty\" \/><\/div>\n<\/div>\n<\/div>\n<div class=\"one_half last\">\n<div class=\"image_classic_frame expand\">\n<div class=\"image_wrapper\"><img decoding=\"async\" class=\"preview\" src=\"https:\/\/jankratochvil.com\/wp-content\/uploads\/2020\/06\/buty-485-jan-kratochvil-fotograf-trebic.jpg\" alt=\"Buty\" \/><\/div>\n<\/div>\n<\/div>\n<\/div>\n<\/div>\n<\/div>\n<\/div>\n<div class=\"one withsmallpadding ppb_header\" style=\"padding-bottom: 30px !important; text-align: left; padding: 50px 0 50px 0;\">\n<div class=\"standard_wrapper\">\n<div class=\"page_content_wrapper\">\n<div class=\"inner\">\n<div style=\"margin: auto; width: 50%;\">\n<h2 class=\"ppb_title\">P\u0159em\u00fd\u0161l\u00edte o pot\u0159eb\u011b n\u011bco nebo n\u011bkoho vyfotografovat?<\/h2>\n<hr class=\"title_break left\" \/>\n<div class=\"ppb_header_content\">\n<p><strong>Prom\u00edtn\u011bte vlastn\u00ed p\u0159edstavu do reality\u2026<\/strong><\/p>\n\n<div class=\"wpcf7 no-js\" id=\"wpcf7-f8906-o1\" lang=\"cs-CZ\" dir=\"ltr\" data-wpcf7-id=\"8906\">\n<div class=\"screen-reader-response\"><p role=\"status\" aria-live=\"polite\" aria-atomic=\"true\"><\/p> <ul><\/ul><\/div>\n<form action=\"\/en\/wp-json\/wp\/v2\/portfolios\/6546#wpcf7-f8906-o1\" method=\"post\" class=\"wpcf7-form init\" aria-label=\"Contact form\" novalidate=\"novalidate\" data-status=\"init\" data-trp-original-action=\"\/en\/wp-json\/wp\/v2\/portfolios\/6546#wpcf7-f8906-o1\">\n<fieldset class=\"hidden-fields-container\"><input type=\"hidden\" name=\"_wpcf7\" value=\"8906\" \/><input type=\"hidden\" name=\"_wpcf7_version\" value=\"6.1.5\" \/><input type=\"hidden\" name=\"_wpcf7_locale\" value=\"cs_CZ\" \/><input type=\"hidden\" name=\"_wpcf7_unit_tag\" value=\"wpcf7-f8906-o1\" \/><input type=\"hidden\" name=\"_wpcf7_container_post\" value=\"0\" \/><input type=\"hidden\" name=\"_wpcf7_posted_data_hash\" value=\"\" \/><input type=\"hidden\" name=\"_wpcf7_recaptcha_response\" value=\"\" \/>\n<\/fieldset>\n<p><label> Your name<br \/>\n<span class=\"wpcf7-form-control-wrap\" data-name=\"your-name\"><input size=\"40\" maxlength=\"400\" class=\"wpcf7-form-control wpcf7-text wpcf7-validates-as-required\" aria-required=\"true\" aria-invalid=\"false\" value=\"\" type=\"text\" name=\"your-name\" \/><\/span> <\/label>\n<\/p>\n<p><label> Your E-Mail<br \/>\n<span class=\"wpcf7-form-control-wrap\" data-name=\"your-email\"><input size=\"40\" maxlength=\"400\" class=\"wpcf7-form-control wpcf7-email wpcf7-validates-as-required wpcf7-text wpcf7-validates-as-email\" aria-required=\"true\" aria-invalid=\"false\" value=\"\" type=\"email\" name=\"your-email\" \/><\/span> <\/label>\n<\/p>\n<p><label> Subject<br \/>\n<span class=\"wpcf7-form-control-wrap\" data-name=\"your-subject\"><input size=\"40\" maxlength=\"400\" class=\"wpcf7-form-control wpcf7-text wpcf7-validates-as-required\" aria-required=\"true\" aria-invalid=\"false\" value=\"\" type=\"text\" name=\"your-subject\" \/><\/span> <\/label>\n<\/p>\n<p><label> Your message<br \/>\n<span class=\"wpcf7-form-control-wrap\" data-name=\"your-message\"><textarea cols=\"40\" rows=\"10\" maxlength=\"2000\" class=\"wpcf7-form-control wpcf7-textarea\" aria-invalid=\"false\" name=\"your-message\"><\/textarea><\/span> <\/label>\n<\/p>\n<p><input class=\"wpcf7-form-control wpcf7-submit has-spinner\" type=\"submit\" value=\"Send\" \/>\n<\/p><div class=\"wpcf7-response-output\" aria-hidden=\"true\"><\/div>\n<input type=\"hidden\" name=\"trp-form-language\" value=\"en\"\/><\/form>\n<\/div>\n\n<\/div>\n<\/div>\n<\/div>\n<\/div>\n<\/div>\n<\/div>\n<div class=\"one withsmallpadding ppb_text\" style=\"padding: 30px 0 30px 0;\">\n<div class=\"standard_wrapper\">\n<div class=\"page_content_wrapper\">\n<div class=\"inner\">\n<div style=\"margin: auto; width: 100%;\">\n<h3><strong>Na za\u010d\u00e1tku b\u00fdv\u00e1 jako v\u017edy my\u0161lenka, kter\u00e1 se bu\u010f postupn\u011b rozvine v jej\u00ed realizaci, anebo zanikne.<br \/>\nPokud v\u00e1s my\u0161lenka neopust\u00ed a v\u016fle p\u0159inut\u00ed o n\u00ed d\u00e1le p\u0159em\u00fd\u0161let, tak jste na spr\u00e1vn\u00e9 cest\u011b ji uskute\u010dnit.<br \/>\nS fotografov\u00e1n\u00edm va\u0161ich p\u0159edstav v\u00e1m r\u00e1d pomohu a pokud budete cht\u00edt, tak do va\u0161ich p\u0159edstav mohu vlo\u017eit i sv\u00e9 n\u00e1pady.<\/strong><\/h3>\n<\/div>\n<\/div>\n<\/div>\n<\/div>\n<\/div>\n<div class=\"one withsmallpadding ppb_team_card\" style=\"padding: 30px 0 30px 0;\">\n<div class=\"standard_wrapper\">\n<div class=\"page_content_wrapper\">\n<div class=\"inner\">\n<div class=\"team_card_wrapper\">\n<div class=\"one_third_bg nopadding team_photo\"><img decoding=\"async\" class=\"team_pic\" src=\"https:\/\/jankratochvil.com\/wp-content\/uploads\/2020\/02\/paris-photo-2019-jan-kratochvil-trebic-fotograf-040.jpg\" alt=\"Jan Kratochv\u00edl\" \/><\/div>\n<div class=\"two_third_bg team\">\n<h3>Jan Kratochv\u00edl<\/h3>\n<div class=\"team_position post_detail\">Fotograf<\/div>\n<div class=\"team_content\">\n<p>Contact:<\/p>\n<p>Tel. +420 702 147 081<\/p>\n<p>Email: info@jankratochvil.com<br \/>\n&#8212;<br \/>\n<strong>Fotografov\u00e1n\u00ed digit\u00e1ln\u011b, analogov\u011b + historick\u00e9 techniky. P\u016fsobnost ve vlastn\u00edm studiu v centru T\u0159eb\u00ed\u010de a cel\u00e1 \u010cR.<\/strong><\/p>\n<\/div>\n<p>&nbsp;<\/p>\n<p>&nbsp;<\/p>\n<p>&nbsp;<\/p>\n<p>&nbsp;<\/p>\n<\/div>\n<p>&nbsp;<\/p>\n<\/div>\n<\/div>\n<\/div>\n<\/div>\n<\/div>\n<div id=\"buty-foto-na-ilford\" class=\"one withsmallpadding ppb_header\" style=\"text-align: left; padding: 30px 0 30px 0;\">\n<div class=\"standard_wrapper\">\n<div class=\"page_content_wrapper\">\n<div class=\"inner\">\n<div style=\"margin: auto; width: 100%;\">\n<h2 class=\"ppb_title\">A je\u0161t\u011b n\u011bco na klasiku<\/h2>\n<hr class=\"title_break left\" \/>\n<div class=\"ppb_header_content\">\n<p>Na z\u00e1v\u011br focen\u00ed jsme v omezen\u00fdch sv\u011bteln\u00fdch podm\u00ednk\u00e1ch vyzkou\u0161eli i n\u011bkolik sn\u00edmk\u016f na klasick\u00fd film. Fotografov\u00e1no fotoapar\u00e1tem Nikon FM2n na Ilford film<\/p>\n<\/div>\n<\/div>\n<\/div>\n<\/div>\n<\/div>\n<\/div>\n<div class=\"standard_wrapper\">\n<div id=\"buty analog 2019\" class=\"one\" style=\"padding: 30px 0 30px 0;\">\n<div class=\"page_content_wrapper\">\n<div class=\"inner\">\n<div class=\"image_classic_frame expand\">\n<div class=\"image_wrapper\"><img decoding=\"async\" class=\"preview\" src=\"https:\/\/jankratochvil.com\/wp-content\/uploads\/2020\/06\/buty-ostrava-488-bw-jan-kratochvil-fotograf-trebic.jpg\" alt=\"Buty analog 2019\" \/><\/div>\n<\/div>\n<\/div>\n<\/div>\n<\/div>\n<\/div>","protected":false},"excerpt":{"rendered":"<p>\u010ce\u0161t\u00ed hudebn\u00edci \/ Czech Musicians<\/p>","protected":false},"featured_media":6547,"comment_status":"closed","ping_status":"closed","template":"","portfoliosets":[255],"class_list":["post-6546","portfolios","type-portfolios","status-publish","has-post-thumbnail","hentry","portfoliosets-musicians"],"_links":{"self":[{"href":"https:\/\/jankratochvil.com\/en\/wp-json\/wp\/v2\/portfolios\/6546","targetHints":{"allow":["GET"]}}],"collection":[{"href":"https:\/\/jankratochvil.com\/en\/wp-json\/wp\/v2\/portfolios"}],"about":[{"href":"https:\/\/jankratochvil.com\/en\/wp-json\/wp\/v2\/types\/portfolios"}],"replies":[{"embeddable":true,"href":"https:\/\/jankratochvil.com\/en\/wp-json\/wp\/v2\/comments?post=6546"}],"version-history":[{"count":0,"href":"https:\/\/jankratochvil.com\/en\/wp-json\/wp\/v2\/portfolios\/6546\/revisions"}],"wp:featuredmedia":[{"embeddable":true,"href":"https:\/\/jankratochvil.com\/en\/wp-json\/wp\/v2\/media\/6547"}],"wp:attachment":[{"href":"https:\/\/jankratochvil.com\/en\/wp-json\/wp\/v2\/media?parent=6546"}],"wp:term":[{"taxonomy":"portfoliosets","embeddable":true,"href":"https:\/\/jankratochvil.com\/en\/wp-json\/wp\/v2\/portfoliosets?post=6546"}],"curies":[{"name":"wp","href":"https:\/\/api.w.org\/{rel}","templated":true}]}}