{"id":177,"date":"2013-10-12T19:26:24","date_gmt":"2013-10-12T19:26:24","guid":{"rendered":"http:\/\/jankratochvil.com\/?page_id=177"},"modified":"2020-09-10T05:59:16","modified_gmt":"2020-09-10T05:59:16","slug":"freelance-photographer-resume","status":"publish","type":"page","link":"https:\/\/jankratochvil.com\/cs_cz\/freelance-photographer-resume\/","title":{"rendered":"Freelance Photographer Resume"},"content":{"rendered":"<h1><a href=\"https:\/\/jankratochvil.com\/wp-content\/uploads\/2019\/08\/jan-August-2018-www-2.jpg\"><img fetchpriority=\"high\" decoding=\"async\" class=\"alignleft wp-image-2089\" src=\"https:\/\/jankratochvil.com\/wp-content\/uploads\/2019\/08\/jan-August-2018-www-2-755x1024.jpg\" alt=\"Jan Kratochv\u00edl Tintype August 2019\" width=\"414\" height=\"561\" \/><\/a>Fotografick\u00e9 CV (please scroll down for English version)<\/h1>\n<p>Jan Kratochv\u00edl (*1969)<\/p>\n<p>Po kr\u00e1tkodob\u00fdch pobytech v zahrani\u010d\u00ed \u017eiji od roku 1999 v centru m\u00e9 rodn\u00e9 T\u0159eb\u00ed\u010de, kterou m\u00e1m velmi r\u00e1d a neust\u00e1le ji nejen fotograficky pozn\u00e1v\u00e1m. Fotografii se v\u011bnuji aktivn\u011b asi od roku 2005. Za\u010dal jsem s digit\u00e1ln\u00ed technikou a po n\u011bkolika letech pozn\u00e1v\u00e1n\u00ed jsem p\u0159e\u0161el ve sv\u00e9 tvorb\u011b p\u0159ev\u00e1\u017en\u011b na analogovou cestu od kinofilmu p\u0159es st\u0159edn\u00ed a\u017e po velk\u00fd form\u00e1t.<\/p>\n<p>V sou\u010dasn\u00e9 dob\u011b (2019) se v\u011bnuji digit\u00e1ln\u00ed (<a href=\"https:\/\/www.fujifilm.com\/products\/digital_cameras\/x\/fujifilm_x_t3\/\">Fujifilm X-T3<\/a>) a analogov\u00e9 fotografii. Pro portr\u00e9ty a volnou tvobu vyu\u017e\u00edv\u00e1m z anlogov\u00e9 fotografie p\u0159edev\u0161\u00edm mokr\u00fd kolodiov\u00fd proces, ale m\u00e1 fotografick\u00e1 cesta se touto technikou zcela neuzav\u00edr\u00e1. S p\u0159irozenou intuic\u00ed a dovednost\u00ed vol\u00edm pro m\u00e9 komer\u010dn\u00ed, neziskov\u00e9 a vlastn\u00ed projekty vhodn\u00e9 fotografick\u00e9 m\u00e9dium, kter\u00e9 pak uplat\u0148uji v praxi.<strong><strong>\u00a0<\/strong><\/strong><\/p>\n<h2><b>Osobn\u00ed miln\u00edky, v\u00fdstavy a publikace<\/b><\/h2>\n<h2><b><i>Rok 2019 a budoucnost<br \/>\n<\/i><\/b><\/h2>\n<p>Budov\u00e1n\u00ed vlastn\u00edho studia v T\u0159eb\u00ed\u010di pro fotografickou tvorbu a workshopy.<\/p>\n<h4><b><i>Rok 2020 a budoucnost<\/i><\/b><\/h4>\n<h4><a href=\"http:\/\/trebicane.cz\">T\u0159eb\u00ed\u010dan\u00e9.cz<\/a><\/h4>\n<p>Portr\u00e9ty sou\u010dasn\u00fdch T\u0159eb\u00ed\u010dan\u016f analogovou fotografi\u00ed a technikou mokr\u00e9ho kolodiov\u00e9ho procesu. Vyd\u00e1n\u00ed portr\u00e9tn\u00ed s\u00e9rie v ti\u0161t\u011bn\u00e9 publikaci.<b><i><\/i><\/b><\/p>\n<h2><b><i>Rok 2018<\/i><\/b><\/h2>\n<p>Priv\u00e1tn\u00ed workshopy a soukrom\u00e9 fotografie pro klienty.<\/p>\n<h2><b><i>Rok 2017<\/i><\/b><\/h2>\n<h3><strong>V\u00fdstava fotografi\u00ed v\u00a0galerii v Dr\u00e1\u017e\u010fanech, N\u011bmecko (\u00fanor 2017)<\/strong><\/h3>\n<h2><b><i>Rok 2016<\/i><\/b><\/h2>\n<h3><b>P\u0159\u00edprava v\u00fdstavy fotografi\u00ed pro\u00a0<\/b>galerii v Dr\u00e1\u017e\u010fanech, N\u011bmecko (srpen, z\u00e1\u0159\u00ed 2016)<\/h3>\n<h3><b>Prezentace a fotografov\u00e1n\u00ed na m\u00edstn\u00ed\u00a0akci v T\u0159eb\u00ed\u010di:<\/b><\/h3>\n<p><a href=\"https:\/\/www.slavnostiruzovehovina.cz\">https:\/\/www.slavnostiruzovehovina.cz\/partneri\/jan-kratochvil<\/a><\/p>\n<h3><b>European Collodion Weekend 05\/2016<\/b><\/h3>\n<p>Prezentace kolodiov\u00fdch Ferotypi\u00ed a Ambrotypi\u00ed, st\u0159edn\u00ed a velk\u00fd form\u00e1t, Veldhoven\/ Holandsko<\/p>\n<h3><b>Pokra\u010dov\u00e1n\u00ed v samostatn\u011b dlouhodob\u011b b\u011b\u017e\u00edc\u00edch fotografick\u00fdch projektech:<\/b><\/h3>\n<p>Voln\u00e1 tvorba<\/p>\n<h4><a href=\"http:\/\/trebicane.cz\"><b>T\u0159eb\u00ed\u010dan\u00e9.cz<\/b><\/a><\/h4>\n<p>Portr\u00e9ty sou\u010dasn\u00fdch T\u0159eb\u00ed\u010dan\u016f analogovou fotografi\u00ed a technikou mokr\u00e9ho kolodiov\u00e9ho procesu.<\/p>\n<h4><a href=\"https:\/\/www.facebook.com\/pages\/Jindra-Holubec-Y-Amigos\/1491895217738320?fref=ts\"><b>Jindra Holubec Y Amigos<\/b><\/a><\/h4>\n<p>Fotografick\u00e1 dokumentace hudebn\u00ed tvorby <a href=\"https:\/\/www.fredy-krasty.com\">nov\u00e9ho uskupen\u00ed<\/a> v \u010dele s ostravsk\u00fdm hudebn\u00edkem Jindrou Holubcem.<\/p>\n<h3><b>Z\u00e1vazn\u011b pl\u00e1novan\u00e9 v\u00fdstavy pro rok 2015<\/b><\/h3>\n<p><a title=\"V\u00fdstava \/ Exhibition \u2013 U Zlat\u00e9ho kohouta, Kromeriz, Czech, 2015\" href=\"https:\/\/www.facebook.com\/jan.kratochvil\/media_set?set=a.10207428597814605.1073741878.1277280854&amp;type=1&amp;l=3c18c27f47\">V\u00fdstavn\u00ed prostory v centru Krom\u011b\u0159\u00ed\u017ee (z\u00e1\u0159\u00ed 2015)<\/a><\/p>\n<p><b>Pl\u00e1novan\u00e9 m\u00edstn\u00ed kulturn\u00ed akce, prezentace voln\u00e9 tvorby a venkovn\u00ed focen\u00ed kolodiov\u00fdm procesem v centru m\u011bsta T\u0159eb\u00ed\u010d<\/b><\/p>\n<p>Prezentace \u010dasov\u00e9 osy historick\u00fdch fotografick\u00fdch technik v T\u0159eb\u00ed\u010di, (2016)<\/p>\n<p><b>Individu\u00e1ln\u00ed sebevzd\u011bl\u00e1v\u00e1n\u00ed<\/b><\/p>\n<p>Aristotypie v praxi (2016)<\/p>\n<h3><b>2014<\/b><\/h3>\n<p><b>The Mask Series<\/b><\/p>\n<p>Jsem sou\u010d\u00e1st\u00ed mezin\u00e1rodn\u00edho uzav\u0159en\u00e9ho projektu 150 fotograf\u016f z cel\u00e9ho sv\u011bta s n\u00e1zvem The Mask Series.<\/p>\n<p>Origin\u00e1ln\u00ed Ambrotypie zasl\u00e1na do USA do sb\u00edrky Shane Balkowitsch k prezenta\u010dn\u00edm a v\u00fdstavn\u00edm \u00fa\u010del\u016fm.<\/p>\n<p>Kone\u010dn\u00fdm v\u00fdsledkem je z\u00edskat soubor origin\u00e1ln\u00edch fotografick\u00fdch desek, kter\u00e1 budou v galerii a kni\u017en\u00ed podob\u011b.<\/p>\n<p>Ofici\u00e1ln\u00ed web: <a title=\"www.wetplatemaskseries.com\" href=\"http:\/\/www.wetplatemaskseries.com\">www.wetplatemaskseries.com<\/a><br \/>\nPublikace m\u00e9ho rozhovoru o tomto projektu: <a title=\"http:\/\/goo.gl\/kZ5HqO\" href=\"http:\/\/goo.gl\/kZ5HqO\">http:\/\/goo.gl\/kZ5HqO<\/a><\/p>\n<p><b>European Collodion Weekend 2014<\/b><\/p>\n<p>Prezentace kolodiov\u00fdch Ferotypi\u00ed a Ambrotypi\u00ed, st\u0159edn\u00ed a velk\u00fd form\u00e1t, Veldhoven\/ Holandsko<\/p>\n<p><b>V\u00fdstava a prezentace fotografi\u00ed na setk\u00e1n\u00ed nez\u00e1visl\u00fdch podnikatel\u016f Navolnenoze.cz<\/b><\/p>\n<p>Z\u00e1meck\u00fd park, Valtice<\/p>\n<p><b>The Collodion Book<\/b><\/p>\n<p>Prezentace voln\u00e9 tvorby v ebooku, kter\u00e1 je dispozici i v ti\u0161t\u011bn\u00e9 podob\u011b.<br \/>\n<a href=\"http:\/\/www.facebook.com\/thecollodionbook\">www.facebook.com\/thecollodionbook<\/a><\/p>\n<p><a href=\"https:\/\/www.facebook.com\/media\/set\/?set=a.10204416761480579.1073741865.1277280854&amp;type=1&amp;l=5fd7918a05\"><b>V\u00fdstava St\u0159\u00edbro na skle a kovu, Jan Kratochv\u00edl 2012 &#8211; 2014<\/b><\/a><\/p>\n<p>Origin\u00e1ln\u00ed Ambrotypie, Ferotypie, Kolodiov\u00e9 negativy, digit\u00e1ln\u00ed tisky z origin\u00e1ln\u00edch fotografick\u00fdch desek<br \/>\nT\u0159eb\u00ed\u010d<\/p>\n<p><b>Vypr\u00e1v\u011bn\u00ed o m\u00e9 tvorb\u011b na mokr\u00fdm kolodiov\u00fdm procesem, <\/b>Hor\u00e1ck\u00e9 noviny 12.9. 2014<\/p>\n<h3><b>2013<\/b><\/h3>\n<p><b>European Collodion Weekend 2013<\/b><\/p>\n<p>Prezentace kolodiov\u00fdch Ferotypi\u00ed a Ambrotypi\u00ed, st\u0159edn\u00ed form\u00e1t, Veldhoven\/ Holandsko<\/p>\n<p><b>N\u011bmeck\u00fd magaz\u00edn <a href=\"http:\/\/http:\/\/jankratochvil.com\">Finerat No.15<\/a>, 2013 zv\u011b\u0159ejnil informace o m\u00e9m focen\u00ed technikou mokr\u00fd kolodiov\u00fd proces v kombinaci se st\u0159edoform\u00e1tov\u00fdm apar\u00e1tem Hasselblad<\/b><\/p>\n<p><a href=\"http:\/\/jankratochvil.com\/wet-plate-collodion-negative-workshop\/\"><b>Individu\u00e1ln\u00ed workshop Mokr\u00fd negativn\u00ed kolodiov\u00fd proces<\/b><\/a><\/p>\n<p>Borut Peterlin, Dolenjske Toplice, Slovinsko<\/p>\n<p><b>Individu\u00e1ln\u00ed workshop Slan\u00fd tisk z kolodiov\u00fdch negativ\u016f<\/b><\/p>\n<p>Borut Peterlin, Dolenjske Toplice, Slovinsko<\/p>\n<h3><b>2012<\/b><\/h3>\n<p><b>Individu\u00e1ln\u00ed workshop Mokr\u00fd pozitivn\u00ed kolodiov\u00fd proces<\/b><\/p>\n<p><a title=\"collodionbastards.org\" href=\"http:\/\/collodionbastards.org\"><b>collodionbastards.org<\/b><\/a><\/p>\n<p>Publikace kolodiov\u00e9 tvorby a sd\u00edlen\u00ed know how ve ve\u0159ejn\u00e9 facebookov\u00e9 skupin\u011b \u00a0<a href=\"https:\/\/www.facebook.com\/groups\/collodionbastards\/?fref=ts\">Collodion Bastards: Wet Plate Work of Questionable Parentage<\/a>.<\/p>\n<p>Aktivn\u00ed spolupr\u00e1ce a propagace se zalo\u017een\u00edm t\u00e9to skupiny s profesorem Geraldem Figalem z Nashville, USA, \u00a0zakladatel Collodion Bastards.<\/p>\n<h3><b>2011<\/b><\/h3>\n<p><b>Olejotisk, Bromolej<\/b><\/p>\n<p>Ras\u0165o \u010camb\u00e1l, Muzeum fotografie a modern\u00edch obrazov\u00fdch m\u00e9di\u00ed, Jind\u0159ich\u016fv Hradec<\/p>\n<p>Voln\u00e1 tvorba olejotisk\u016f.<\/p>\n<h3><b>2008<\/b><\/h3>\n<p><b>Tvorba digit\u00e1ln\u00ed s\u00e9rie Levitace<\/b><\/p>\n<h3><b>2004 &#8211; 2007<\/b><\/h3>\n<p><b>Fotografick\u00e9 pr\u00e1ce s r\u016fzn\u00fdmi form\u00e1ty, kompaktn\u00ed digit\u00e1ln\u00ed kamery, DSLR, kinofilm, plastov\u00e9 kamery, st\u0159edn\u00ed form\u00e1t.<\/b><\/p>\n<h2><b><i><\/i><\/b><em>Aktualizace: 2019-05-05<\/em><\/h2>\n<hr \/>\n<p dir=\"ltr\"><strong>English\u00a0Curriculum Vitae (Photography)<\/strong><\/p>\n<p>Jan Kratochvil is a Czech freelance photographer, educator.<br \/>\nThis short summary describes his activities in the field of photography.<\/p>\n<p dir=\"ltr\">Jan has been interested in photography since childhood, originally using 35 mm cameras. Throughout his life, Jan has retained his fascination but rekindled his interest in earnest in 2004 when he acquired his first DSLR. After exploring the world of digital photography he returned to the medium of photographic film, using various 35mm cameras and testing different types of film.<\/p>\n<p dir=\"ltr\">Jan soon acquired a Hasselblad medium format camera and believes that photographs taken in close up with the 150 mm portrait lens accompanied by the use of extension tubes have exceptional qualities.<\/p>\n<p dir=\"ltr\">To further refine the results Jan moved to a larger format and an Eastman Kodak 2D 8&#215;10\u201d camera was the next piece of equipment that was added to his collection. The Kodak 2D has a modified film container such that the camera can work with wet plate collodion photography.<\/p>\n<p dir=\"ltr\">Wet plate collodion photography is a truly outstanding medium. \u00a0It is possible to create positive photography instantly using a process originated in the 19th century. A particular strength of the wet plate collodion process is the ability to create negatives on the glass which in turn can be used to create contact prints. A few examples of contact prints using this process are salt prints, albumen prints, Bromoils and Rawlins Print, but there are many other possibilities.<\/p>\n<p dir=\"ltr\">Jan\u2019s extensive experience gives him an excellent understanding of what taking photographs is all about. His aim is to produce a limited number of high-quality photographs focusing on the content of the picture rather than the quantity of the output.<\/p>\n<p dir=\"ltr\">Creating digital pictures is simple. By attending a few workshops and abiding by a few common rules you are ready to start your own business with just a DSLR camera and some speed lights. \u00a0Jan\u2019s goal is to create \u201csomething unique\u201d and in his quest to achieve this he has extensively explored the fascinating world of historical photographic processes.<\/p>\n<p dir=\"ltr\">At present Jan Kratochvil \u00a0is working with the following photographic techniques and media:<\/p>\n<ul>\n<li dir=\"ltr\">\n<p dir=\"ltr\">Ambrotype<\/p>\n<\/li>\n<li dir=\"ltr\">\n<p dir=\"ltr\">Tintype<\/p>\n<\/li>\n<li dir=\"ltr\">\n<p dir=\"ltr\">Wet Plate Collodion Negative<\/p>\n<\/li>\n<li dir=\"ltr\">\n<p dir=\"ltr\">Salt Print (From collodion, film or digital negatives)<\/p>\n<\/li>\n<li dir=\"ltr\">Albumen print<\/li>\n<li dir=\"ltr\">\n<p dir=\"ltr\">Oil Print<\/p>\n<\/li>\n<li dir=\"ltr\">Bromoil<\/li>\n<li dir=\"ltr\">\n<p dir=\"ltr\">Using different film formats: 35mm, medium and large format.<\/p>\n<\/li>\n<li dir=\"ltr\">\n<p dir=\"ltr\">Developing B&amp;W films, hi-resolution digital scanning of analog materials<\/p>\n<\/li>\n<li dir=\"ltr\">\n<p dir=\"ltr\">Digital photography with Fujifim X-T-3 and post-processing for commericial work<\/p>\n<p>In Trebic on 11th of September 2013<br \/>\n<em>Updated: 2019-08-20<\/em><\/li>\n<\/ul>\n<p>Autoportr\u00e9t s L\u00edzou &#8211; l\u00e9to 2014 \/ Selfportrait with Lisa &#8211; Summer 2014 (Ambrotype 8&#215;10&#8243;)<\/p>\n<p><img decoding=\"async\" class=\"alignnone wp-image-519 size-large\" src=\"http:\/\/jankratochvil.com\/wp-content\/uploads\/2013\/10\/Me-And-Lisa-April-19-2014-r01-www-748x1024.jpg\" alt=\"Me-And-Lisa-April-19-2014-r01-www\" width=\"748\" height=\"1024\" \/><\/p>\n<p>&nbsp;<\/p>\n","protected":false},"excerpt":{"rendered":"<p>Fotografick\u00e9 CV (please scroll down for English version) Jan Kratochv\u00edl (*1969) Po kr\u00e1tkodob\u00fdch pobytech v zahrani\u010d\u00ed \u017eiji od roku 1999 v centru m\u00e9 rodn\u00e9 T\u0159eb\u00ed\u010de, kterou m\u00e1m velmi r\u00e1d a neust\u00e1le ji nejen fotograficky pozn\u00e1v\u00e1m. Fotografii se v\u011bnuji aktivn\u011b asi [&hellip;]<\/p>\n","protected":false},"author":1,"featured_media":0,"parent":0,"menu_order":0,"comment_status":"closed","ping_status":"closed","template":"","meta":{"_eb_attr":"","footnotes":""},"class_list":["post-177","page","type-page","status-publish","hentry"],"_links":{"self":[{"href":"https:\/\/jankratochvil.com\/cs_cz\/wp-json\/wp\/v2\/pages\/177","targetHints":{"allow":["GET"]}}],"collection":[{"href":"https:\/\/jankratochvil.com\/cs_cz\/wp-json\/wp\/v2\/pages"}],"about":[{"href":"https:\/\/jankratochvil.com\/cs_cz\/wp-json\/wp\/v2\/types\/page"}],"author":[{"embeddable":true,"href":"https:\/\/jankratochvil.com\/cs_cz\/wp-json\/wp\/v2\/users\/1"}],"replies":[{"embeddable":true,"href":"https:\/\/jankratochvil.com\/cs_cz\/wp-json\/wp\/v2\/comments?post=177"}],"version-history":[{"count":0,"href":"https:\/\/jankratochvil.com\/cs_cz\/wp-json\/wp\/v2\/pages\/177\/revisions"}],"wp:attachment":[{"href":"https:\/\/jankratochvil.com\/cs_cz\/wp-json\/wp\/v2\/media?parent=177"}],"curies":[{"name":"wp","href":"https:\/\/api.w.org\/{rel}","templated":true}]}}